{"version":"1.0","provider_name":"aloumim.com","provider_url":"https:\/\/aloumim.com","author_name":"aloumim.com","author_url":"https:\/\/aloumim.com\/index.php\/author\/aloumim-com\/","title":"C\u00e9r\u00e9monie \u00e0 Yad Vashem et Repr\u00e9sentation d\u2019Aloumim - aloumim.com","type":"rich","width":600,"height":338,"html":"<blockquote class=\"wp-embedded-content\" data-secret=\"PB9WdPU3Bi\"><a href=\"https:\/\/aloumim.com\/index.php\/2025\/11\/18\/ceremonie-a-yad-vashem-et-representation-daloumim\/\">C\u00e9r\u00e9monie \u00e0 Yad Vashem et Repr\u00e9sentation d\u2019Aloumim<\/a><\/blockquote><iframe sandbox=\"allow-scripts\" security=\"restricted\" src=\"https:\/\/aloumim.com\/index.php\/2025\/11\/18\/ceremonie-a-yad-vashem-et-representation-daloumim\/embed\/#?secret=PB9WdPU3Bi\" width=\"600\" height=\"338\" title=\"\u00ab\u00a0C\u00e9r\u00e9monie \u00e0 Yad Vashem et Repr\u00e9sentation d\u2019Aloumim\u00a0\u00bb &#8212; aloumim.com\" data-secret=\"PB9WdPU3Bi\" frameborder=\"0\" marginwidth=\"0\" marginheight=\"0\" scrolling=\"no\" class=\"wp-embedded-content\"><\/iframe><script type=\"text\/javascript\">\n\/* <![CDATA[ *\/\n\/*! This file is auto-generated *\/\n!function(d,l){\"use strict\";l.querySelector&&d.addEventListener&&\"undefined\"!=typeof URL&&(d.wp=d.wp||{},d.wp.receiveEmbedMessage||(d.wp.receiveEmbedMessage=function(e){var t=e.data;if((t||t.secret||t.message||t.value)&&!\/[^a-zA-Z0-9]\/.test(t.secret)){for(var s,r,n,a=l.querySelectorAll('iframe[data-secret=\"'+t.secret+'\"]'),o=l.querySelectorAll('blockquote[data-secret=\"'+t.secret+'\"]'),c=new RegExp(\"^https?:$\",\"i\"),i=0;i<o.length;i++)o[i].style.display=\"none\";for(i=0;i<a.length;i++)s=a[i],e.source===s.contentWindow&&(s.removeAttribute(\"style\"),\"height\"===t.message?(1e3<(r=parseInt(t.value,10))?r=1e3:~~r<200&&(r=200),s.height=r):\"link\"===t.message&&(r=new URL(s.getAttribute(\"src\")),n=new URL(t.value),c.test(n.protocol))&&n.host===r.host&&l.activeElement===s&&(d.top.location.href=t.value))}},d.addEventListener(\"message\",d.wp.receiveEmbedMessage,!1),l.addEventListener(\"DOMContentLoaded\",function(){for(var e,t,s=l.querySelectorAll(\"iframe.wp-embedded-content\"),r=0;r<s.length;r++)(t=(e=s[r]).getAttribute(\"data-secret\"))||(t=Math.random().toString(36).substring(2,12),e.src+=\"#?secret=\"+t,e.setAttribute(\"data-secret\",t)),e.contentWindow.postMessage({message:\"ready\",secret:t},\"*\")},!1)))}(window,document);\n\/* ]]> *\/\n<\/script>\n","thumbnail_url":"http:\/\/aloumim.com\/wp-content\/uploads\/2025\/11\/WhatsApp-Image-2025-11-18-at-08.49.40-2.jpeg","thumbnail_width":1204,"thumbnail_height":1600,"description":"Le 16 novembre, Aline Deutscher et Shlomo Balsam ont repr\u00e9sent\u00e9 Aloumim lors d\u2019une c\u00e9r\u00e9monie de d\u00e9p\u00f4t de gerbe \u00e0 Yad Vashem, organis\u00e9e \u00e0 l\u2019occasion de la visite en Isra\u00ebl d\u2019une d\u00e9l\u00e9gation de s\u00e9nateurs fran\u00e7ais. La c\u00e9r\u00e9monie, pr\u00e9sid\u00e9e par les autorit\u00e9s de Yad Vashem, a \u00e9t\u00e9 un moment fort d\u00e9di\u00e9 \u00e0 la m\u00e9moire des victimes de [&hellip;]"}